{"id":12009,"date":"2025-01-01T08:45:56","date_gmt":"2025-01-01T08:45:56","guid":{"rendered":"https:\/\/www.thebathcollection.com\/inspiracion\/dormitorio-con-bano-integrado-ideas-para-inspirarte\/"},"modified":"2025-10-09T15:09:46","modified_gmt":"2025-10-09T15:09:46","slug":"bedroom-with-integrated-bathroom-ideas-to-inspire-you","status":"publish","type":"inspiration","link":"https:\/\/www.thebathcollection.com\/en\/inspiration\/bedroom-with-integrated-bathroom-ideas-to-inspire-you\/","title":{"rendered":"Bedroom with integrated bathroom: ideas for inspiration"},"content":{"rendered":"<p>In a bedroom with an integrated bathroom, resolving the transition between the sleeping area and the toilet space can be a dilemma. While it may sometimes seem like there isn't enough room for an integrated toilet, you'd be surprised at the possibilities available.<\/p>\n\n\n\n<p>Some solutions are designed for maximum privacy, while others opt for total integration. Explore these inspiring ideas to design an integrated and functional space that suits your needs.<\/p>\n\n\n\n<h3 class=\"wp-block-heading\"><strong>In the corridor connecting to the dressing room<\/strong><\/h3>\n\n\n\n<p>For those who love organization, a practical idea is to place the bathroom in a hallway that also connects to the dressing room. This improves functionality and flow in daily use.<\/p>\n\n\n\n<figure class=\"wp-block-gallery has-nested-images columns-default is-cropped wp-block-gallery-1 is-layout-flex wp-block-gallery-is-layout-flex\">\n<figure class=\"wp-block-image size-large\"><img decoding=\"async\" data-id=\"7834\" src=\"https:\/\/www.thebathcollection.com\/wp-content\/uploads\/2025\/10\/Unifamiliar-con-Jardin-52-683x1024.jpg\" alt=\"\" class=\"wp-image-7834\"\/><\/figure>\n\n\n\n<figure class=\"wp-block-image size-large\"><img decoding=\"async\" data-id=\"7835\" src=\"https:\/\/www.thebathcollection.com\/wp-content\/uploads\/2025\/10\/Unifamiliar-con-Jardin-56-2-683x1024.jpg\" alt=\"\" class=\"wp-image-7835\"\/><\/figure>\n<\/figure>\n\n\n\n<p class=\"has-text-align-center\"><a href=\"https:\/\/www.thebathcollection.com\/en\/blog\/2024\/12\/a-house-to-connect-with-nature\/\"><em>A house to connect with nature<\/em><\/a><\/p>\n\n\n\n<h3 class=\"wp-block-heading\"><strong>Closed but connected bathroom<\/strong><\/h3>\n\n\n\n<p>Another alternative is to have the typical en suite bathroom, but without losing the connection with the rest of the bedroom. The door is the key to providing this balance between light and privacy. Semi-open or translucent glass doors. allow you to maintain the visual connection while ensuring an adequate level of privacy.<\/p>\n\n\n\n<figure class=\"wp-block-gallery has-nested-images columns-default is-cropped wp-block-gallery-2 is-layout-flex wp-block-gallery-is-layout-flex\">\n<figure class=\"wp-block-image size-large\"><img decoding=\"async\" data-id=\"7836\" src=\"https:\/\/www.thebathcollection.com\/wp-content\/uploads\/2025\/10\/IVI7339-1-scaled.jpg\" alt=\"\" class=\"wp-image-7836\"\/><figcaption class=\"wp-element-caption\"><a href=\"https:\/\/www.thebathcollection.com\/en\/blog\/2021\/10\/reforma-en-la-placa-del-vi\/\">Reform in Pla\u00e7a del Vi<\/a><\/figcaption><\/figure>\n<\/figure>\n\n\n\n<figure class=\"wp-block-gallery has-nested-images columns-default is-cropped wp-block-gallery-3 is-layout-flex wp-block-gallery-is-layout-flex\">\n<figure class=\"wp-block-image size-large\"><img decoding=\"async\" data-id=\"7837\" src=\"https:\/\/www.thebathcollection.com\/wp-content\/uploads\/2025\/10\/DSC8475-1-scaled.jpg\" alt=\"\" class=\"wp-image-7837\"\/><\/figure>\n\n\n\n<figure class=\"wp-block-image size-large\"><img decoding=\"async\" data-id=\"7839\" src=\"https:\/\/www.thebathcollection.com\/wp-content\/uploads\/2025\/10\/DSC8531-scaled.jpg\" alt=\"\" class=\"wp-image-7839\"\/><\/figure>\n<\/figure>\n\n\n\n<p class=\"has-text-align-center\"><a href=\"https:\/\/www.thebathcollection.com\/en\/blog\/2024\/06\/a-bedroom-with-integrated-bathroom-the-perfect-fusion\/\"><em>A bedroom with an integrated bathroom: the perfect fusion<\/em><\/a><\/p>\n\n\n\n<h3 class=\"wp-block-heading\"><strong>In a cabin in the same room<\/strong><\/h3>\n\n\n\n<p>A modern and functional option is to locate the bathroom inside a closed cabin, which can be delimited by glass or wood panels. This allows you to create an enclosed space for the toilet, within the area of the room, without having to put partitions or do major works.<\/p>\n\n\n\n<figure class=\"wp-block-gallery has-nested-images columns-default is-cropped wp-block-gallery-4 is-layout-flex wp-block-gallery-is-layout-flex\">\n<figure class=\"wp-block-image size-large\"><img decoding=\"async\" data-id=\"7829\" src=\"https:\/\/www.thebathcollection.com\/wp-content\/uploads\/2025\/10\/1D_Rosa-Colet-Interior-Design_Starpestudi-2-scaled.jpg\" alt=\"\" class=\"wp-image-7829\"\/><figcaption class=\"wp-element-caption\"><a href=\"https:\/\/www.thebathcollection.com\/en\/blog\/2021\/07\/casa-holistica-en-la-costa-brava\/\">Holistic House on the Costa Brava<\/a><\/figcaption><\/figure>\n<\/figure>\n\n\n\n<figure class=\"wp-block-gallery has-nested-images columns-default is-cropped wp-block-gallery-5 is-layout-flex wp-block-gallery-is-layout-flex\">\n<figure class=\"wp-block-image size-large\"><img decoding=\"async\" data-id=\"7832\" src=\"https:\/\/www.thebathcollection.com\/wp-content\/uploads\/2025\/10\/MID_050-1024x819.jpg\" alt=\"\" class=\"wp-image-7832\"\/><figcaption class=\"wp-element-caption\"><a href=\"https:\/\/www.thebathcollection.com\/en\/blog\/2024\/03\/el-encanto-del-estilo-mid-century-en-el-diseno-de-interiores\/\">The charm of Mid-Century style in interior design<\/a><\/figcaption><\/figure>\n<\/figure>\n\n\n\n<div style=\"height:30px\" aria-hidden=\"true\" class=\"wp-block-spacer\"><\/div>\n\n\n\n<h3 class=\"wp-block-heading\"><strong>Full integration<\/strong><\/h3>\n\n\n\n<p>If you are looking for a fully integrated design, the bathroom can be part of the bedroom without visible separations. This minimalist style creates a sense of spaciousness and continuity. Using similar materials and colors will help unify both spaces.<\/p>\n\n\n\n<figure class=\"wp-block-gallery has-nested-images columns-default is-cropped wp-block-gallery-6 is-layout-flex wp-block-gallery-is-layout-flex\">\n<figure class=\"wp-block-image size-large\"><img decoding=\"async\" data-id=\"7844\" src=\"https:\/\/www.thebathcollection.com\/wp-content\/uploads\/2025\/10\/Reportatge-Segre-pdf-1-1-scaled.jpg\" alt=\"\" class=\"wp-image-7844\"\/><figcaption class=\"wp-element-caption\"><a href=\"https:\/\/www.thebathcollection.com\/en\/blog\/2022\/11\/mas-alla-porcelana\/\">Beyond porcelain<\/a><\/figcaption><\/figure>\n<\/figure>\n\n\n\n<figure class=\"wp-block-gallery has-nested-images columns-default is-cropped wp-block-gallery-7 is-layout-flex wp-block-gallery-is-layout-flex\">\n<figure class=\"wp-block-image size-large\"><img decoding=\"async\" data-id=\"7845\" src=\"https:\/\/www.thebathcollection.com\/wp-content\/uploads\/2025\/10\/01_INTERIOR_BANO-2-1024x910.jpg\" alt=\"\" class=\"wp-image-7845\"\/><figcaption class=\"wp-element-caption\"><a href=\"https:\/\/www.thebathcollection.com\/en\/blog\/2024\/10\/a-home-that-flows-between-sustainability-and-design\/\">A home that flows between sustainability and design<\/a><\/figcaption><\/figure>\n<\/figure>\n\n\n\n<div style=\"height:30px\" aria-hidden=\"true\" class=\"wp-block-spacer\"><\/div>\n\n\n\n<h3 class=\"wp-block-heading\"><strong>Through a corridor without doors<\/strong><\/h3>\n\n\n\n<p>A more fluid design connects the bedroom with the bathroom through an open corridor, without doors. This provides a natural transition and unifies both spaces.<\/p>\n\n\n\n<figure class=\"wp-block-gallery has-nested-images columns-default is-cropped wp-block-gallery-8 is-layout-flex wp-block-gallery-is-layout-flex\">\n<figure class=\"wp-block-image size-large\"><img decoding=\"async\" data-id=\"7846\" src=\"https:\/\/www.thebathcollection.com\/wp-content\/uploads\/2025\/10\/Pia-Capdevila-Begues-375-85B-2-scaled.jpg\" alt=\"\" class=\"wp-image-7846\"\/><\/figure>\n\n\n\n<figure class=\"wp-block-image size-large\"><img decoding=\"async\" data-id=\"7848\" src=\"https:\/\/www.thebathcollection.com\/wp-content\/uploads\/2025\/10\/Pia-Capdevila-Begues-375-81-1-1-1-scaled.jpg\" alt=\"\" class=\"wp-image-7848\"\/><\/figure>\n<\/figure>\n\n\n\n<p class=\"has-text-align-center\"><a href=\"https:\/\/www.thebathcollection.com\/en\/blog\/2024\/03\/un-hogar-integrado-perfectamente-con-la-naturaleza\/\"><em>A home perfectly integrated with nature<\/em><\/a><\/p>\n\n\n\n<figure class=\"wp-block-gallery has-nested-images columns-default is-cropped wp-block-gallery-9 is-layout-flex wp-block-gallery-is-layout-flex\">\n<figure class=\"wp-block-image size-large\"><img decoding=\"async\" data-id=\"7849\" src=\"https:\/\/www.thebathcollection.com\/wp-content\/uploads\/2025\/10\/Bano-principal.-Vista-al-dormitorio-2-scaled.jpg\" alt=\"\" class=\"wp-image-7849\"\/><\/figure>\n\n\n\n<figure class=\"wp-block-image size-large\"><img decoding=\"async\" data-id=\"7850\" src=\"https:\/\/www.thebathcollection.com\/wp-content\/uploads\/2025\/10\/Dormitorio-principal.-Acceso-al-vestidor-abierto-scaled.jpg\" alt=\"\" class=\"wp-image-7850\"\/><\/figure>\n<\/figure>\n\n\n\n<p class=\"has-text-align-center\"><a href=\"https:\/\/www.thebathcollection.com\/en\/blog\/2023\/05\/un-hogar-repensado-para-llenarse-de-luz\/\"><em>A home rethought to be filled with light<\/em><\/a><\/p>\n\n\n\n<p>Each of these solutions can be adapted to different styles and needs. The key is to study the possibilities of the space and choose the option that best aligns with your preferences and lifestyle.<\/p>","protected":false},"featured_media":12023,"parent":0,"template":"","inspiration_categories":[54],"class_list":["post-12009","inspiration","type-inspiration","status-publish","has-post-thumbnail","hentry","inspiration_categories-tendencias"],"acf":[],"yoast_head":"<!-- This site is optimized with the Yoast SEO plugin v27.5 - https:\/\/yoast.com\/product\/yoast-seo-wordpress\/ -->\n<title>Dormitorio con ba\u00f1o integrado: ideas para inspirarte - Bathco<\/title>\n<meta name=\"robots\" content=\"index, follow, max-snippet:-1, max-image-preview:large, max-video-preview:-1\" \/>\n<link rel=\"canonical\" href=\"https:\/\/www.thebathcollection.com\/en\/inspiration\/bedroom-with-integrated-bathroom-ideas-to-inspire-you\/\" \/>\n<meta property=\"og:locale\" content=\"en_US\" \/>\n<meta property=\"og:type\" content=\"article\" \/>\n<meta property=\"og:title\" content=\"Dormitorio con ba\u00f1o integrado: ideas para inspirarte - Bathco\" \/>\n<meta property=\"og:description\" content=\"En un dormitorio con ba\u00f1o integrado, resolver la transici\u00f3n entre la zona de descanso y el espacio de aseo puede ser todo un dilema. Aunque a veces parezca que no hay suficiente espacio para un aseo integrado, te sorprender\u00edan las posibilidades disponibles. Algunas soluciones est\u00e1n dise\u00f1adas para ofrecer m\u00e1xima privacidad, mientras que otras optan por [&hellip;]\" \/>\n<meta property=\"og:url\" content=\"https:\/\/www.thebathcollection.com\/en\/inspiration\/bedroom-with-integrated-bathroom-ideas-to-inspire-you\/\" \/>\n<meta property=\"og:site_name\" content=\"Bathco\" \/>\n<meta property=\"article:modified_time\" content=\"2025-10-09T15:09:46+00:00\" \/>\n<meta property=\"og:image\" content=\"https:\/\/www.thebathcollection.com\/wp-content\/uploads\/2025\/10\/1D_Rosa-Colet-Interior-Design_Starpestudi-scaled-1.jpg\" \/>\n\t<meta property=\"og:image:width\" content=\"2560\" \/>\n\t<meta property=\"og:image:height\" content=\"1707\" \/>\n\t<meta property=\"og:image:type\" content=\"image\/jpeg\" \/>\n<meta name=\"twitter:card\" content=\"summary_large_image\" \/>\n<meta name=\"twitter:label1\" content=\"Est. reading time\" \/>\n\t<meta name=\"twitter:data1\" content=\"2 minutes\" \/>\n<script type=\"application\/ld+json\" class=\"yoast-schema-graph\">{\"@context\":\"https:\\\/\\\/schema.org\",\"@graph\":[{\"@type\":\"WebPage\",\"@id\":\"https:\\\/\\\/www.thebathcollection.com\\\/inspiracion\\\/dormitorio-con-bano-integrado-ideas-para-inspirarte\\\/\",\"url\":\"https:\\\/\\\/www.thebathcollection.com\\\/inspiracion\\\/dormitorio-con-bano-integrado-ideas-para-inspirarte\\\/\",\"name\":\"Dormitorio con ba\u00f1o integrado: ideas para inspirarte - Bathco\",\"isPartOf\":{\"@id\":\"https:\\\/\\\/www.thebathcollection.com\\\/#website\"},\"primaryImageOfPage\":{\"@id\":\"https:\\\/\\\/www.thebathcollection.com\\\/inspiracion\\\/dormitorio-con-bano-integrado-ideas-para-inspirarte\\\/#primaryimage\"},\"image\":{\"@id\":\"https:\\\/\\\/www.thebathcollection.com\\\/inspiracion\\\/dormitorio-con-bano-integrado-ideas-para-inspirarte\\\/#primaryimage\"},\"thumbnailUrl\":\"https:\\\/\\\/www.thebathcollection.com\\\/wp-content\\\/uploads\\\/2025\\\/10\\\/1D_Rosa-Colet-Interior-Design_Starpestudi-scaled-1.jpg\",\"datePublished\":\"2025-01-01T08:45:56+00:00\",\"dateModified\":\"2025-10-09T15:09:46+00:00\",\"breadcrumb\":{\"@id\":\"https:\\\/\\\/www.thebathcollection.com\\\/inspiracion\\\/dormitorio-con-bano-integrado-ideas-para-inspirarte\\\/#breadcrumb\"},\"inLanguage\":\"en-US\",\"potentialAction\":[{\"@type\":\"ReadAction\",\"target\":[\"https:\\\/\\\/www.thebathcollection.com\\\/inspiracion\\\/dormitorio-con-bano-integrado-ideas-para-inspirarte\\\/\"]}]},{\"@type\":\"ImageObject\",\"inLanguage\":\"en-US\",\"@id\":\"https:\\\/\\\/www.thebathcollection.com\\\/inspiracion\\\/dormitorio-con-bano-integrado-ideas-para-inspirarte\\\/#primaryimage\",\"url\":\"https:\\\/\\\/www.thebathcollection.com\\\/wp-content\\\/uploads\\\/2025\\\/10\\\/1D_Rosa-Colet-Interior-Design_Starpestudi-scaled-1.jpg\",\"contentUrl\":\"https:\\\/\\\/www.thebathcollection.com\\\/wp-content\\\/uploads\\\/2025\\\/10\\\/1D_Rosa-Colet-Interior-Design_Starpestudi-scaled-1.jpg\",\"width\":2560,\"height\":1707},{\"@type\":\"BreadcrumbList\",\"@id\":\"https:\\\/\\\/www.thebathcollection.com\\\/inspiracion\\\/dormitorio-con-bano-integrado-ideas-para-inspirarte\\\/#breadcrumb\",\"itemListElement\":[{\"@type\":\"ListItem\",\"position\":1,\"name\":\"Home\",\"item\":\"https:\\\/\\\/www.thebathcollection.com\\\/\"},{\"@type\":\"ListItem\",\"position\":2,\"name\":\"Inspiraci\u00f3n\",\"item\":\"https:\\\/\\\/www.thebathcollection.com\\\/inspiracion\\\/\"},{\"@type\":\"ListItem\",\"position\":3,\"name\":\"Dormitorio con ba\u00f1o integrado: ideas para inspirarte\"}]},{\"@type\":\"WebSite\",\"@id\":\"https:\\\/\\\/www.thebathcollection.com\\\/#website\",\"url\":\"https:\\\/\\\/www.thebathcollection.com\\\/\",\"name\":\"Bathco\",\"description\":\"Lavabos, sanitarios, platos de ducha y accesorios para el cuarto de ba\u00f1o\",\"potentialAction\":[{\"@type\":\"SearchAction\",\"target\":{\"@type\":\"EntryPoint\",\"urlTemplate\":\"https:\\\/\\\/www.thebathcollection.com\\\/?s={search_term_string}\"},\"query-input\":{\"@type\":\"PropertyValueSpecification\",\"valueRequired\":true,\"valueName\":\"search_term_string\"}}],\"inLanguage\":\"en-US\"}]}<\/script>\n<!-- \/ Yoast SEO plugin. -->","yoast_head_json":{"title":"Bedroom with integrated bathroom: ideas to inspire you - Bathco","robots":{"index":"index","follow":"follow","max-snippet":"max-snippet:-1","max-image-preview":"max-image-preview:large","max-video-preview":"max-video-preview:-1"},"canonical":"https:\/\/www.thebathcollection.com\/en\/inspiration\/bedroom-with-integrated-bathroom-ideas-to-inspire-you\/","og_locale":"en_US","og_type":"article","og_title":"Dormitorio con ba\u00f1o integrado: ideas para inspirarte - Bathco","og_description":"En un dormitorio con ba\u00f1o integrado, resolver la transici\u00f3n entre la zona de descanso y el espacio de aseo puede ser todo un dilema. Aunque a veces parezca que no hay suficiente espacio para un aseo integrado, te sorprender\u00edan las posibilidades disponibles. Algunas soluciones est\u00e1n dise\u00f1adas para ofrecer m\u00e1xima privacidad, mientras que otras optan por [&hellip;]","og_url":"https:\/\/www.thebathcollection.com\/en\/inspiration\/bedroom-with-integrated-bathroom-ideas-to-inspire-you\/","og_site_name":"Bathco","article_modified_time":"2025-10-09T15:09:46+00:00","og_image":[{"width":2560,"height":1707,"url":"https:\/\/www.thebathcollection.com\/wp-content\/uploads\/2025\/10\/1D_Rosa-Colet-Interior-Design_Starpestudi-scaled-1.jpg","type":"image\/jpeg"}],"twitter_card":"summary_large_image","twitter_misc":{"Est. reading time":"2 minutes"},"schema":{"@context":"https:\/\/schema.org","@graph":[{"@type":"WebPage","@id":"https:\/\/www.thebathcollection.com\/inspiracion\/dormitorio-con-bano-integrado-ideas-para-inspirarte\/","url":"https:\/\/www.thebathcollection.com\/inspiracion\/dormitorio-con-bano-integrado-ideas-para-inspirarte\/","name":"Bedroom with integrated bathroom: ideas to inspire you - Bathco","isPartOf":{"@id":"https:\/\/www.thebathcollection.com\/#website"},"primaryImageOfPage":{"@id":"https:\/\/www.thebathcollection.com\/inspiracion\/dormitorio-con-bano-integrado-ideas-para-inspirarte\/#primaryimage"},"image":{"@id":"https:\/\/www.thebathcollection.com\/inspiracion\/dormitorio-con-bano-integrado-ideas-para-inspirarte\/#primaryimage"},"thumbnailUrl":"https:\/\/www.thebathcollection.com\/wp-content\/uploads\/2025\/10\/1D_Rosa-Colet-Interior-Design_Starpestudi-scaled-1.jpg","datePublished":"2025-01-01T08:45:56+00:00","dateModified":"2025-10-09T15:09:46+00:00","breadcrumb":{"@id":"https:\/\/www.thebathcollection.com\/inspiracion\/dormitorio-con-bano-integrado-ideas-para-inspirarte\/#breadcrumb"},"inLanguage":"en-US","potentialAction":[{"@type":"ReadAction","target":["https:\/\/www.thebathcollection.com\/inspiracion\/dormitorio-con-bano-integrado-ideas-para-inspirarte\/"]}]},{"@type":"ImageObject","inLanguage":"en-US","@id":"https:\/\/www.thebathcollection.com\/inspiracion\/dormitorio-con-bano-integrado-ideas-para-inspirarte\/#primaryimage","url":"https:\/\/www.thebathcollection.com\/wp-content\/uploads\/2025\/10\/1D_Rosa-Colet-Interior-Design_Starpestudi-scaled-1.jpg","contentUrl":"https:\/\/www.thebathcollection.com\/wp-content\/uploads\/2025\/10\/1D_Rosa-Colet-Interior-Design_Starpestudi-scaled-1.jpg","width":2560,"height":1707},{"@type":"BreadcrumbList","@id":"https:\/\/www.thebathcollection.com\/inspiracion\/dormitorio-con-bano-integrado-ideas-para-inspirarte\/#breadcrumb","itemListElement":[{"@type":"ListItem","position":1,"name":"Home","item":"https:\/\/www.thebathcollection.com\/"},{"@type":"ListItem","position":2,"name":"Inspiraci\u00f3n","item":"https:\/\/www.thebathcollection.com\/inspiracion\/"},{"@type":"ListItem","position":3,"name":"Dormitorio con ba\u00f1o integrado: ideas para inspirarte"}]},{"@type":"WebSite","@id":"https:\/\/www.thebathcollection.com\/#website","url":"https:\/\/www.thebathcollection.com\/","name":"Bathco","description":"Washbasins, toilets, shower trays and bathroom accessories","potentialAction":[{"@type":"SearchAction","target":{"@type":"EntryPoint","urlTemplate":"https:\/\/www.thebathcollection.com\/?s={search_term_string}"},"query-input":{"@type":"PropertyValueSpecification","valueRequired":true,"valueName":"search_term_string"}}],"inLanguage":"en-US"}]}},"_links":{"self":[{"href":"https:\/\/www.thebathcollection.com\/en\/wp-json\/wp\/v2\/inspiration\/12009","targetHints":{"allow":["GET"]}}],"collection":[{"href":"https:\/\/www.thebathcollection.com\/en\/wp-json\/wp\/v2\/inspiration"}],"about":[{"href":"https:\/\/www.thebathcollection.com\/en\/wp-json\/wp\/v2\/types\/inspiration"}],"wp:featuredmedia":[{"embeddable":true,"href":"https:\/\/www.thebathcollection.com\/en\/wp-json\/wp\/v2\/media\/12023"}],"wp:attachment":[{"href":"https:\/\/www.thebathcollection.com\/en\/wp-json\/wp\/v2\/media?parent=12009"}],"wp:term":[{"taxonomy":"inspiration_categories","embeddable":true,"href":"https:\/\/www.thebathcollection.com\/en\/wp-json\/wp\/v2\/inspiration_categories?post=12009"}],"curies":[{"name":"wp","href":"https:\/\/api.w.org\/{rel}","templated":true}]}}